{"id":48773,"date":"2020-06-07T20:52:07","date_gmt":"2020-06-08T00:52:07","guid":{"rendered":"https:\/\/www.unhcr.ca\/nouvelles-et-articles\/unhcr-canada-magazine\/"},"modified":"2026-01-05T15:36:41","modified_gmt":"2026-01-05T20:36:41","slug":"magazine-du-hcr-canada","status":"publish","type":"page","link":"https:\/\/www.unhcr.ca\/fr\/nouvelles-et-articles\/magazine-du-hcr-canada\/","title":{"rendered":"Magazine du HCR Canada"},"content":{"rendered":"<p>[et_pb_section fb_built=\u00a0\u00bb1&Prime; custom_padding_last_edited=\u00a0\u00bbon|desktop\u00a0\u00bb admin_label=\u00a0\u00bbSection: Header 600 height\u00a0\u00bb module_class=\u00a0\u00bbheight600&Prime; _builder_version=\u00a0\u00bb4.16&Prime; background_color=\u00a0\u00bb#000000&Prime; use_background_color_gradient=\u00a0\u00bbon\u00a0\u00bb background_color_gradient_stops=\u00a0\u00bbrgba(43,43,43,0) 38%|rgba(0,0,0,0.7) 78%\u00a0\u00bb background_color_gradient_overlays_image=\u00a0\u00bbon\u00a0\u00bb background_color_gradient_start=\u00a0\u00bbrgba(43,43,43,0)\u00a0\u00bb background_color_gradient_start_position=\u00a0\u00bb38%\u00a0\u00bb background_color_gradient_end=\u00a0\u00bbrgba(0,0,0,0.7)\u00a0\u00bb background_color_gradient_end_position=\u00a0\u00bb78%\u00a0\u00bb background_image=\u00a0\u00bbhttps:\/\/www.unhcr.ca\/wp-content\/uploads\/2020\/05\/HMCFOS_A.jpeg\u00a0\u00bb custom_padding=\u00a0\u00bb20px||20px||true|false\u00a0\u00bb custom_padding_tablet=\u00a0\u00bb||40px\u00a0\u00bb custom_padding_phone=\u00a0\u00bb||40px\u00a0\u00bb link_option_url_new_window=\u00a0\u00bbon\u00a0\u00bb background_last_edited=\u00a0\u00bbon|phone\u00a0\u00bb use_background_color_gradient_phone=\u00a0\u00bbon\u00a0\u00bb background_color_gradient_direction_phone=\u00a0\u00bb180deg\u00a0\u00bb background_color_gradient_stops_phone=\u00a0\u00bbrgba(0,0,0,0) 30%|rgba(0,0,0,0.71) 60%\u00a0\u00bb background_color_gradient_start_phone=\u00a0\u00bbrgba(0,0,0,0)\u00a0\u00bb background_color_gradient_start_position_phone=\u00a0\u00bb30%\u00a0\u00bb background_color_gradient_end_phone=\u00a0\u00bbrgba(0,0,0,0.71)\u00a0\u00bb background_color_gradient_end_position_phone=\u00a0\u00bb60%\u00a0\u00bb background_image_tablet=\u00a0\u00bbhttps:\/\/www.unhcr.ca\/wp-content\/uploads\/2020\/05\/HMCFOS_A.jpeg\u00a0\u00bb background_image_phone=\u00a0\u00bbhttps:\/\/www.unhcr.ca\/wp-content\/uploads\/2020\/05\/HMCFOS_A.jpeg\u00a0\u00bb background_enable_image_tablet=\u00a0\u00bbon\u00a0\u00bb background_enable_image_phone=\u00a0\u00bbon\u00a0\u00bb background_position_phone=\u00a0\u00bbbottom_center\u00a0\u00bb locked=\u00a0\u00bboff\u00a0\u00bb global_colors_info=\u00a0\u00bb{}\u00a0\u00bb title_text_tablet=\u00a0\u00bbHMCFOS_A\u00a0\u00bb title_text_phone=\u00a0\u00bbHMCFOS_A\u00a0\u00bb][et_pb_row admin_label=\u00a0\u00bbrow\u00a0\u00bb _builder_version=\u00a0\u00bb4.16&Prime; custom_margin=\u00a0\u00bbauto||0px||false|false\u00a0\u00bb custom_padding=\u00a0\u00bb0px||0px||true|false\u00a0\u00bb global_colors_info=\u00a0\u00bb{}\u00a0\u00bb][et_pb_column type=\u00a0\u00bb4_4&Prime; _builder_version=\u00a0\u00bb4.16&Prime; global_colors_info=\u00a0\u00bb{}\u00a0\u00bb][et_pb_text admin_label=\u00a0\u00bbTitle\u00a0\u00bb _builder_version=\u00a0\u00bb4.16&Prime; text_font=\u00a0\u00bb||||||||\u00a0\u00bb background_layout=\u00a0\u00bbdark\u00a0\u00bb max_width=\u00a0\u00bb900px\u00a0\u00bb custom_margin=\u00a0\u00bb0px||0px||false|false\u00a0\u00bb global_colors_info=\u00a0\u00bb{}\u00a0\u00bb]<\/p>\n<h1>Magazine du HCR Canada<\/h1>\n<p>[\/et_pb_text][et_pb_text admin_label=\u00a0\u00bbsub header\u00a0\u00bb _builder_version=\u00a0\u00bb4.16&Prime; text_text_color=\u00a0\u00bb#ffffff\u00a0\u00bb header_text_color=\u00a0\u00bb#ffffff\u00a0\u00bb header_3_text_color=\u00a0\u00bb#ffffff\u00a0\u00bb background_layout=\u00a0\u00bbdark\u00a0\u00bb custom_margin=\u00a0\u00bb0px||||false|false\u00a0\u00bb global_colors_info=\u00a0\u00bb{}\u00a0\u00bb]<\/p>\n<h3>Le magazine semestriel du HCR Canada.<\/h3>\n<p>[\/et_pb_text][\/et_pb_column][\/et_pb_row][et_pb_row _builder_version=\u00a0\u00bb4.16&Prime; custom_margin=\u00a0\u00bb0px||0px||false|false\u00a0\u00bb custom_padding=\u00a0\u00bb0px||0px||true|false\u00a0\u00bb global_colors_info=\u00a0\u00bb{}\u00a0\u00bb][et_pb_column type=\u00a0\u00bb4_4&Prime; _builder_version=\u00a0\u00bb4.16&Prime; global_colors_info=\u00a0\u00bb{}\u00a0\u00bb][et_pb_text admin_label=\u00a0\u00bbHeader caption right align\u00a0\u00bb _builder_version=\u00a0\u00bb4.16&Prime; background_layout=\u00a0\u00bbdark\u00a0\u00bb global_colors_info=\u00a0\u00bb{}\u00a0\u00bb]<\/p>\n<p style=\"text-align: right;\"><span class=\"headercredit\">Photo: \u00a9 UNHCR\/Antwan Chnkdji<\/span><\/p>\n<p>[\/et_pb_text][\/et_pb_column][\/et_pb_row][\/et_pb_section][et_pb_section fb_built=\u00a0\u00bb1&Prime; _builder_version=\u00a0\u00bb4.16&Prime; global_colors_info=\u00a0\u00bb{}\u00a0\u00bb][et_pb_row _builder_version=\u00a0\u00bb4.16&Prime; global_colors_info=\u00a0\u00bb{}\u00a0\u00bb][et_pb_column type=\u00a0\u00bb4_4&Prime; _builder_version=\u00a0\u00bb4.16&Prime; global_colors_info=\u00a0\u00bb{}\u00a0\u00bb][et_pb_text _builder_version=\u00a0\u00bb4.16&Prime; global_colors_info=\u00a0\u00bb{}\u00a0\u00bb]<\/p>\n<p><strong>Le <a href=\"https:\/\/www.unhcr.ca\/fr\/a-propos-de-nous\/a-propos-du-hcr\/a-propos-du-hcr-canada\/\">HCR Canada<\/a> publie son magazine deux fois par an pour informer ses donateurs et sympathisants sur ses activit\u00e9s en faveur des r\u00e9fugi\u00e9s.<\/strong><\/p>\n<p>Tous les num\u00e9ros :<\/p>\n<ul>\n<li><strong><a href=\"https:\/\/content.yudu.com\/web\/3ky23\/0A3ky24\/Fall2022french\/index.html\">Bulletin Automne 2022 : Ukraine : L&rsquo;une des plus grandes crises de d\u00e9placement au monde<\/a><\/strong><\/li>\n<li><strong><a href=\"https:\/\/content.yudu.com\/web\/3ky23\/0A3ky24\/Issue15french\/index.html\">Bulletin Printemps 2022 : La crise climatique est une crise humaine<\/a><\/strong><\/li>\n<li><strong><a href=\"https:\/\/content.yudu.com\/web\/3ky23\/0A3ky24\/Fall2021French\/html\/index.html?origin=reader\">Bulletin Automne 2021 : Urgence en \u00c9thiopie<\/a><\/strong><\/li>\n<li><strong><a href=\"https:\/\/content.yudu.com\/web\/3ky23\/0A3ky24\/Issue12FR\/html\/index.html?origin=reader\">Bulletin Automne 2020 : La crise de notre si\u00e8cle\u00a0<\/a><\/strong><\/li>\n<li><strong><a href=\"https:\/\/content.yudu.com\/web\/3ky23\/0A3ky24\/Printemps2020\/html\/index.html\">\u00c9dition Printemps 2020 : La plus importante crise de r\u00e9fugi\u00e9s au monde<\/a><\/strong><\/li>\n<li><strong><a href=\"https:\/\/content.yudu.com\/web\/3ky23\/0A3ky24\/FallFrench19\/html\/index.html\">Num\u00e9ro Automne 2019 : Quatre millions, et on est loin du compte<\/a><\/strong><\/li>\n<li><strong><a href=\"https:\/\/content.yudu.com\/web\/3ky23\/0A3ky24\/UNHCRMagFR2019Spring\/html\/index.html\">Num\u00e9ro Printemps 2019 : Fuir la violence<\/a><\/strong><\/li>\n<li><strong><a href=\"https:\/\/content.yudu.com\/web\/3ky23\/0A3ky24\/Refuge-automne-2018\/html\/index.html\">Num\u00e9ro Automne 2018 : D\u00e9tresse et gu\u00e9rison<\/a><\/strong><\/li>\n<\/ul>\n<p>[\/et_pb_text][\/et_pb_column][\/et_pb_row][\/et_pb_section][et_pb_section fb_built=\u00a0\u00bb1&Prime; _builder_version=\u00a0\u00bb4.16&Prime; background_color=\u00a0\u00bb#efefef\u00a0\u00bb global_colors_info=\u00a0\u00bb{}\u00a0\u00bb][et_pb_row _builder_version=\u00a0\u00bb4.16&Prime; global_colors_info=\u00a0\u00bb{}\u00a0\u00bb][et_pb_column type=\u00a0\u00bb4_4&Prime; _builder_version=\u00a0\u00bb4.16&Prime; global_colors_info=\u00a0\u00bb{}\u00a0\u00bb][et_pb_text _builder_version=\u00a0\u00bb4.16&Prime; global_colors_info=\u00a0\u00bb{}\u00a0\u00bb]<\/p>\n<p style=\"text-align: center;\"><strong>Faites un don<\/strong><br \/><strong>Aidez les r\u00e9fugi\u00e9s dans le besoin.<\/strong><\/p>\n<p>[\/et_pb_text][et_pb_button button_url=\u00a0\u00bbhttps:\/\/give.unhcr.ca\/page\/52275\/donate\/1?ea.tracking.id=OL26FR_UNR&#038;locale=fr-CA\u00a0\u00bb button_text=\u00a0\u00bbFaites un don d\u00e8s maintenant\u00a0\u00bb button_alignment=\u00a0\u00bbcenter\u00a0\u00bb _builder_version=\u00a0\u00bb4.27.5&Prime; custom_button=\u00a0\u00bbon\u00a0\u00bb button_text_color=\u00a0\u00bb#ffffff\u00a0\u00bb button_bg_color=\u00a0\u00bb#0072bc\u00a0\u00bb hover_enabled=\u00a0\u00bb0&Prime; global_colors_info=\u00a0\u00bb{}\u00a0\u00bb sticky_enabled=\u00a0\u00bb0&Prime;][\/et_pb_button][\/et_pb_column][\/et_pb_row][\/et_pb_section]<\/p>\n","protected":false},"excerpt":{"rendered":"<p>Le HCR Canada publie son magazine deux fois par an pour informer ses donateurs et sympathisants sur ses activit\u00e9s en faveur des r\u00e9fugi\u00e9s.<\/p>\n","protected":false},"author":26,"featured_media":47647,"parent":2903,"menu_order":0,"comment_status":"closed","ping_status":"closed","template":"","meta":{"_acf_changed":false,"_et_pb_use_builder":"on","_et_pb_old_content":"","_et_gb_content_width":"","inline_featured_image":false,"footnotes":""},"class_list":["post-48773","page","type-page","status-publish","has-post-thumbnail","hentry"],"acf":[],"yoast_head":"<!-- This site is optimized with the Yoast SEO Premium plugin v28.3 (Yoast SEO v28.4) - https:\/\/yoast.com\/product\/yoast-seo-premium-wordpress\/ -->\n<title>Magazine du HCR Canada | HCR Canada<\/title>\n<meta name=\"description\" content=\"Le HCR Canada publie son magazine deux fois par an pour informer ses donateurs et sympathisants sur ses activit\u00e9s en faveur des r\u00e9fugi\u00e9s.\" \/>\n<meta name=\"robots\" content=\"index, follow, max-snippet:-1, max-image-preview:large, max-video-preview:-1\" \/>\n<link rel=\"canonical\" href=\"https:\/\/www.unhcr.ca\/fr\/nouvelles-et-articles\/magazine-du-hcr-canada\/\" \/>\n<meta property=\"og:locale\" content=\"fr_FR\" \/>\n<meta property=\"og:type\" content=\"article\" \/>\n<meta property=\"og:title\" content=\"Magazine du HCR Canada\" \/>\n<meta property=\"og:description\" content=\"Le HCR Canada publie son magazine deux fois par an pour informer ses donateurs et sympathisants sur ses activit\u00e9s en faveur des r\u00e9fugi\u00e9s.\" \/>\n<meta property=\"og:url\" content=\"https:\/\/www.unhcr.ca\/fr\/nouvelles-et-articles\/magazine-du-hcr-canada\/\" \/>\n<meta property=\"og:site_name\" content=\"HCR Canada\" \/>\n<meta property=\"article:publisher\" content=\"https:\/\/www.facebook.com\/UNHCRCanada\" \/>\n<meta property=\"article:modified_time\" content=\"2026-01-05T20:36:41+00:00\" \/>\n<meta property=\"og:image\" content=\"https:\/\/www.unhcr.ca\/wp-content\/uploads\/2020\/05\/HMCFOS_A.jpeg\" \/>\n\t<meta property=\"og:image:width\" content=\"1600\" \/>\n\t<meta property=\"og:image:height\" content=\"1068\" \/>\n\t<meta property=\"og:image:type\" content=\"image\/jpeg\" \/>\n<meta name=\"twitter:card\" content=\"summary_large_image\" \/>\n<meta name=\"twitter:site\" content=\"@UNHCRCanada\" \/>\n<meta name=\"twitter:label1\" content=\"Dur\u00e9e de lecture estim\u00e9e\" \/>\n\t<meta name=\"twitter:data1\" content=\"1 minute\" \/>\n<script type=\"application\/ld+json\" class=\"yoast-schema-graph\">{\"@context\":\"https:\\\/\\\/schema.org\",\"@graph\":[{\"@type\":\"WebPage\",\"@id\":\"https:\\\/\\\/www.unhcr.ca\\\/fr\\\/nouvelles-et-articles\\\/magazine-du-hcr-canada\\\/\",\"url\":\"https:\\\/\\\/www.unhcr.ca\\\/fr\\\/nouvelles-et-articles\\\/magazine-du-hcr-canada\\\/\",\"name\":\"Magazine du HCR Canada | HCR Canada\",\"isPartOf\":{\"@id\":\"https:\\\/\\\/www.unhcr.ca\\\/#website\"},\"primaryImageOfPage\":{\"@id\":\"https:\\\/\\\/www.unhcr.ca\\\/fr\\\/nouvelles-et-articles\\\/magazine-du-hcr-canada\\\/#primaryimage\"},\"image\":{\"@id\":\"https:\\\/\\\/www.unhcr.ca\\\/fr\\\/nouvelles-et-articles\\\/magazine-du-hcr-canada\\\/#primaryimage\"},\"thumbnailUrl\":\"https:\\\/\\\/www.unhcr.ca\\\/wp-content\\\/uploads\\\/2020\\\/05\\\/HMCFOS_A.jpeg\",\"datePublished\":\"2020-06-08T00:52:07+00:00\",\"dateModified\":\"2026-01-05T20:36:41+00:00\",\"description\":\"Le HCR Canada publie son magazine deux fois par an pour informer ses donateurs et sympathisants sur ses activit\u00e9s en faveur des r\u00e9fugi\u00e9s.\",\"breadcrumb\":{\"@id\":\"https:\\\/\\\/www.unhcr.ca\\\/fr\\\/nouvelles-et-articles\\\/magazine-du-hcr-canada\\\/#breadcrumb\"},\"inLanguage\":\"fr-FR\",\"potentialAction\":[{\"@type\":\"ReadAction\",\"target\":[\"https:\\\/\\\/www.unhcr.ca\\\/fr\\\/nouvelles-et-articles\\\/magazine-du-hcr-canada\\\/\"]}]},{\"@type\":\"ImageObject\",\"inLanguage\":\"fr-FR\",\"@id\":\"https:\\\/\\\/www.unhcr.ca\\\/fr\\\/nouvelles-et-articles\\\/magazine-du-hcr-canada\\\/#primaryimage\",\"url\":\"https:\\\/\\\/www.unhcr.ca\\\/wp-content\\\/uploads\\\/2020\\\/05\\\/HMCFOS_A.jpeg\",\"contentUrl\":\"https:\\\/\\\/www.unhcr.ca\\\/wp-content\\\/uploads\\\/2020\\\/05\\\/HMCFOS_A.jpeg\",\"width\":1600,\"height\":1068,\"caption\":\"Ibrahim an eight years old boy from Al Halesia village in Aleppo east rural \u00a9 UNHCR\\\/Antwon Chnkdji\"},{\"@type\":\"BreadcrumbList\",\"@id\":\"https:\\\/\\\/www.unhcr.ca\\\/fr\\\/nouvelles-et-articles\\\/magazine-du-hcr-canada\\\/#breadcrumb\",\"itemListElement\":[{\"@type\":\"ListItem\",\"position\":1,\"name\":\"Home\",\"item\":\"https:\\\/\\\/www.unhcr.ca\\\/fr\\\/\"},{\"@type\":\"ListItem\",\"position\":2,\"name\":\"Nouvelles et articles\",\"item\":\"https:\\\/\\\/www.unhcr.ca\\\/fr\\\/nouvelles-et-articles\\\/\"},{\"@type\":\"ListItem\",\"position\":3,\"name\":\"Magazine du HCR Canada\"}]},{\"@type\":\"WebSite\",\"@id\":\"https:\\\/\\\/www.unhcr.ca\\\/#website\",\"url\":\"https:\\\/\\\/www.unhcr.ca\\\/\",\"name\":\"HCR Canada\",\"description\":\"L\u2019Agence des Nations Unies pour les r\u00e9fugi\u00e9s\",\"potentialAction\":[{\"@type\":\"SearchAction\",\"target\":{\"@type\":\"EntryPoint\",\"urlTemplate\":\"https:\\\/\\\/www.unhcr.ca\\\/?s={search_term_string}\"},\"query-input\":{\"@type\":\"PropertyValueSpecification\",\"valueRequired\":true,\"valueName\":\"search_term_string\"}}],\"inLanguage\":\"fr-FR\"}]}<\/script>\n<!-- \/ Yoast SEO Premium plugin. -->","yoast_head_json":{"title":"Magazine du HCR Canada | HCR Canada","description":"Le HCR Canada publie son magazine deux fois par an pour informer ses donateurs et sympathisants sur ses activit\u00e9s en faveur des r\u00e9fugi\u00e9s.","robots":{"index":"index","follow":"follow","max-snippet":"max-snippet:-1","max-image-preview":"max-image-preview:large","max-video-preview":"max-video-preview:-1"},"canonical":"https:\/\/www.unhcr.ca\/fr\/nouvelles-et-articles\/magazine-du-hcr-canada\/","og_locale":"fr_FR","og_type":"article","og_title":"Magazine du HCR Canada","og_description":"Le HCR Canada publie son magazine deux fois par an pour informer ses donateurs et sympathisants sur ses activit\u00e9s en faveur des r\u00e9fugi\u00e9s.","og_url":"https:\/\/www.unhcr.ca\/fr\/nouvelles-et-articles\/magazine-du-hcr-canada\/","og_site_name":"HCR Canada","article_publisher":"https:\/\/www.facebook.com\/UNHCRCanada","article_modified_time":"2026-01-05T20:36:41+00:00","og_image":[{"width":1600,"height":1068,"url":"https:\/\/www.unhcr.ca\/wp-content\/uploads\/2020\/05\/HMCFOS_A.jpeg","type":"image\/jpeg"}],"twitter_card":"summary_large_image","twitter_site":"@UNHCRCanada","twitter_misc":{"Dur\u00e9e de lecture estim\u00e9e":"1 minute"},"schema":{"@context":"https:\/\/schema.org","@graph":[{"@type":"WebPage","@id":"https:\/\/www.unhcr.ca\/fr\/nouvelles-et-articles\/magazine-du-hcr-canada\/","url":"https:\/\/www.unhcr.ca\/fr\/nouvelles-et-articles\/magazine-du-hcr-canada\/","name":"Magazine du HCR Canada | HCR Canada","isPartOf":{"@id":"https:\/\/www.unhcr.ca\/#website"},"primaryImageOfPage":{"@id":"https:\/\/www.unhcr.ca\/fr\/nouvelles-et-articles\/magazine-du-hcr-canada\/#primaryimage"},"image":{"@id":"https:\/\/www.unhcr.ca\/fr\/nouvelles-et-articles\/magazine-du-hcr-canada\/#primaryimage"},"thumbnailUrl":"https:\/\/www.unhcr.ca\/wp-content\/uploads\/2020\/05\/HMCFOS_A.jpeg","datePublished":"2020-06-08T00:52:07+00:00","dateModified":"2026-01-05T20:36:41+00:00","description":"Le HCR Canada publie son magazine deux fois par an pour informer ses donateurs et sympathisants sur ses activit\u00e9s en faveur des r\u00e9fugi\u00e9s.","breadcrumb":{"@id":"https:\/\/www.unhcr.ca\/fr\/nouvelles-et-articles\/magazine-du-hcr-canada\/#breadcrumb"},"inLanguage":"fr-FR","potentialAction":[{"@type":"ReadAction","target":["https:\/\/www.unhcr.ca\/fr\/nouvelles-et-articles\/magazine-du-hcr-canada\/"]}]},{"@type":"ImageObject","inLanguage":"fr-FR","@id":"https:\/\/www.unhcr.ca\/fr\/nouvelles-et-articles\/magazine-du-hcr-canada\/#primaryimage","url":"https:\/\/www.unhcr.ca\/wp-content\/uploads\/2020\/05\/HMCFOS_A.jpeg","contentUrl":"https:\/\/www.unhcr.ca\/wp-content\/uploads\/2020\/05\/HMCFOS_A.jpeg","width":1600,"height":1068,"caption":"Ibrahim an eight years old boy from Al Halesia village in Aleppo east rural \u00a9 UNHCR\/Antwon Chnkdji"},{"@type":"BreadcrumbList","@id":"https:\/\/www.unhcr.ca\/fr\/nouvelles-et-articles\/magazine-du-hcr-canada\/#breadcrumb","itemListElement":[{"@type":"ListItem","position":1,"name":"Home","item":"https:\/\/www.unhcr.ca\/fr\/"},{"@type":"ListItem","position":2,"name":"Nouvelles et articles","item":"https:\/\/www.unhcr.ca\/fr\/nouvelles-et-articles\/"},{"@type":"ListItem","position":3,"name":"Magazine du HCR Canada"}]},{"@type":"WebSite","@id":"https:\/\/www.unhcr.ca\/#website","url":"https:\/\/www.unhcr.ca\/","name":"HCR Canada","description":"L\u2019Agence des Nations Unies pour les r\u00e9fugi\u00e9s","potentialAction":[{"@type":"SearchAction","target":{"@type":"EntryPoint","urlTemplate":"https:\/\/www.unhcr.ca\/?s={search_term_string}"},"query-input":{"@type":"PropertyValueSpecification","valueRequired":true,"valueName":"search_term_string"}}],"inLanguage":"fr-FR"}]}},"_links":{"self":[{"href":"https:\/\/www.unhcr.ca\/fr\/wp-json\/wp\/v2\/pages\/48773","targetHints":{"allow":["GET"]}}],"collection":[{"href":"https:\/\/www.unhcr.ca\/fr\/wp-json\/wp\/v2\/pages"}],"about":[{"href":"https:\/\/www.unhcr.ca\/fr\/wp-json\/wp\/v2\/types\/page"}],"author":[{"embeddable":true,"href":"https:\/\/www.unhcr.ca\/fr\/wp-json\/wp\/v2\/users\/26"}],"replies":[{"embeddable":true,"href":"https:\/\/www.unhcr.ca\/fr\/wp-json\/wp\/v2\/comments?post=48773"}],"version-history":[{"count":0,"href":"https:\/\/www.unhcr.ca\/fr\/wp-json\/wp\/v2\/pages\/48773\/revisions"}],"up":[{"embeddable":true,"href":"https:\/\/www.unhcr.ca\/fr\/wp-json\/wp\/v2\/pages\/2903"}],"wp:featuredmedia":[{"embeddable":true,"href":"https:\/\/www.unhcr.ca\/fr\/wp-json\/wp\/v2\/media\/47647"}],"wp:attachment":[{"href":"https:\/\/www.unhcr.ca\/fr\/wp-json\/wp\/v2\/media?parent=48773"}],"curies":[{"name":"wp","href":"https:\/\/api.w.org\/{rel}","templated":true}]}}