{"id":32431,"date":"2016-10-21T09:51:17","date_gmt":"2016-10-21T13:51:17","guid":{"rendered":"https:\/\/unhcrca.wpengine.com\/?page_id=32431\/"},"modified":"2023-01-01T11:23:45","modified_gmt":"2023-01-01T16:23:45","slug":"personne-laisse-pour-compte","status":"publish","type":"page","link":"https:\/\/www.unhcr.ca\/fr\/notre-travail\/le-soutien-au-quotidien\/abris\/personne-laisse-pour-compte\/","title":{"rendered":"Personne laiss\u00e9 pour compte"},"content":{"rendered":"<p>[et_pb_section fb_built=\u00a0\u00bb1&Prime; custom_padding_last_edited=\u00a0\u00bbon|desktop\u00a0\u00bb admin_label=\u00a0\u00bbSection: Header\u00a0\u00bb module_class=\u00a0\u00bbfullheightsection\u00a0\u00bb _builder_version=\u00a0\u00bb4.4.6&Prime; background_color=\u00a0\u00bb#000000&Prime; use_background_color_gradient=\u00a0\u00bbon\u00a0\u00bb background_color_gradient_start=\u00a0\u00bbrgba(43,43,43,0)\u00a0\u00bb background_color_gradient_end=\u00a0\u00bbrgba(0,0,0,0.7)\u00a0\u00bb background_color_gradient_start_position=\u00a0\u00bb38%\u00a0\u00bb background_color_gradient_end_position=\u00a0\u00bb78%\u00a0\u00bb background_color_gradient_overlays_image=\u00a0\u00bbon\u00a0\u00bb background_image=\u00a0\u00bbhttps:\/\/www.unhcr.ca\/wp-content\/uploads\/2020\/06\/RF235992__SEB5175-scaled.jpg\u00a0\u00bb custom_padding=\u00a0\u00bb20px||20px||true|false\u00a0\u00bb custom_padding_tablet=\u00a0\u00bb||40px\u00a0\u00bb custom_padding_phone=\u00a0\u00bb||40px\u00a0\u00bb background_last_edited=\u00a0\u00bbon|phone\u00a0\u00bb use_background_color_gradient_phone=\u00a0\u00bbon\u00a0\u00bb background_color_gradient_start_phone=\u00a0\u00bbrgba(0,0,0,0)\u00a0\u00bb background_color_gradient_end_phone=\u00a0\u00bbrgba(0,0,0,0.71)\u00a0\u00bb background_color_gradient_direction_phone=\u00a0\u00bb180deg\u00a0\u00bb background_color_gradient_start_position_phone=\u00a0\u00bb30%\u00a0\u00bb background_color_gradient_end_position_phone=\u00a0\u00bb60%\u00a0\u00bb background_image_tablet=\u00a0\u00bbhttps:\/\/www.unhcr.ca\/wp-content\/uploads\/2020\/06\/RF235992__SEB5175-scaled.jpg\u00a0\u00bb background_image_phone=\u00a0\u00bbhttps:\/\/www.unhcr.ca\/wp-content\/uploads\/2020\/06\/RF235992__SEB5175-scaled.jpg\u00a0\u00bb background_enable_image_tablet=\u00a0\u00bbon\u00a0\u00bb background_enable_image_phone=\u00a0\u00bbon\u00a0\u00bb background_position_phone=\u00a0\u00bbbottom_center\u00a0\u00bb locked=\u00a0\u00bboff\u00a0\u00bb global_colors_info=\u00a0\u00bb{}\u00a0\u00bb alt_tablet=\u00a0\u00bbA family sitting in a tent\u00a0\u00bb title_text_tablet=\u00a0\u00bbIraq. Families living in Refugee Housing Units in Al Jamea&rsquo;a camp\u00a0\u00bb alt_phone=\u00a0\u00bbA family sitting in a tent\u00a0\u00bb title_text_phone=\u00a0\u00bbIraq. Families living in Refugee Housing Units in Al Jamea&rsquo;a camp\u00a0\u00bb][et_pb_row admin_label=\u00a0\u00bbrow\u00a0\u00bb _builder_version=\u00a0\u00bb3.26.3&Prime; custom_margin=\u00a0\u00bbauto||60px||false|false\u00a0\u00bb custom_padding=\u00a0\u00bb0px||0px||true|false\u00a0\u00bb global_colors_info=\u00a0\u00bb{}\u00a0\u00bb][et_pb_column type=\u00a0\u00bb4_4&Prime; _builder_version=\u00a0\u00bb3.26.3&Prime; global_colors_info=\u00a0\u00bb{}\u00a0\u00bb][et_pb_text admin_label=\u00a0\u00bbTitle\u00a0\u00bb _builder_version=\u00a0\u00bb4.4.6&Prime; text_font=\u00a0\u00bb||||||||\u00a0\u00bb background_layout=\u00a0\u00bbdark\u00a0\u00bb max_width=\u00a0\u00bb900px\u00a0\u00bb custom_margin=\u00a0\u00bb0px||0px||false|false\u00a0\u00bb global_colors_info=\u00a0\u00bb{}\u00a0\u00bb]<\/p>\n<h1>Personne laiss\u00e9 pour compte<\/h1>\n<p>[\/et_pb_text][et_pb_text admin_label=\u00a0\u00bbsub header\u00a0\u00bb _builder_version=\u00a0\u00bb4.4.6&Prime; text_text_color=\u00a0\u00bb#ffffff\u00a0\u00bb header_text_color=\u00a0\u00bb#ffffff\u00a0\u00bb header_3_text_color=\u00a0\u00bb#ffffff\u00a0\u00bb background_layout=\u00a0\u00bbdark\u00a0\u00bb custom_margin=\u00a0\u00bb0px||||false|false\u00a0\u00bb global_colors_info=\u00a0\u00bb{}\u00a0\u00bb]<\/p>\n<h3>Vous pouvez nous aider \u00e0 prot\u00e9ger les personnes contraintes de fuir leur foyer.<\/h3>\n<p>[\/et_pb_text][\/et_pb_column][\/et_pb_row][et_pb_row _builder_version=\u00a0\u00bb3.26.3&Prime; custom_padding=\u00a0\u00bb0px||0px||true|false\u00a0\u00bb global_colors_info=\u00a0\u00bb{}\u00a0\u00bb][et_pb_column type=\u00a0\u00bb4_4&Prime; _builder_version=\u00a0\u00bb3.26.3&Prime; global_colors_info=\u00a0\u00bb{}\u00a0\u00bb][et_pb_text admin_label=\u00a0\u00bbHeader caption right align\u00a0\u00bb _builder_version=\u00a0\u00bb4.4.6&Prime; background_layout=\u00a0\u00bbdark\u00a0\u00bb global_colors_info=\u00a0\u00bb{}\u00a0\u00bb]<\/p>\n<p style=\"text-align: right;\"><span class=\"headercredit\">Photo: \u00a9 HCR\/Sebastian Rich<\/span><\/p>\n<p>[\/et_pb_text][\/et_pb_column][\/et_pb_row][\/et_pb_section][et_pb_section fb_built=\u00a0\u00bb1&Prime; _builder_version=\u00a0\u00bb4.4.6&Prime; global_colors_info=\u00a0\u00bb{}\u00a0\u00bb][et_pb_row _builder_version=\u00a0\u00bb4.4.6&Prime; global_colors_info=\u00a0\u00bb{}\u00a0\u00bb][et_pb_column type=\u00a0\u00bb4_4&Prime; _builder_version=\u00a0\u00bb4.4.6&Prime; global_colors_info=\u00a0\u00bb{}\u00a0\u00bb][et_pb_text _builder_version=\u00a0\u00bb4.4.6&Prime; global_colors_info=\u00a0\u00bb{}\u00a0\u00bb]<\/p>\n<p><strong>Personne laiss\u00e9 pour compte : Nous connaissons actuellement une crise engendrant des d\u00e9placements de population sans pr\u00e9c\u00e9dent. Les conflits en <a href=\"https:\/\/www.unhcr.ca\/fr\/notre-travail\/situations-durgence\/syrie\">Syrie<\/a>, au<a href=\"https:\/\/www.unhcr.ca\/fr\/notre-travail\/situations-durgence\/urgence-au-soudan-du-sud\/\"> Soudan du Sud<\/a>, en <a href=\"https:\/\/www.unhcr.ca\/fr\/notre-travail\/situations-durgence\/situation-en-republique-centrafricaine\/\">R\u00e9publique centrafricaine<\/a>, au Burundi et en <a href=\"https:\/\/www.unhcr.ca\/fr\/notre-travail\/situations-durgence\/crise-en-amerique-centrale\/\">Am\u00e9rique centrale<\/a> provoquent des exodes massifs qui ne cessent d\u2019augmenter chaque jour.<\/strong><\/p>\n<p>Pour \u00e9chapper \u00e0 la violence, des familles doivent abandonner tout ce qu\u2019elles poss\u00e8dent.<\/p>\n<p>Des millions de familles arrivent dans les camps de r\u00e9fugi\u00e9s totalement d\u00e9poss\u00e9d\u00e9es, ou sont contraintes de vivre dans des logements insalubres ou des abris \u00e0 moiti\u00e9 construits. Nous pensons que tous les r\u00e9fugi\u00e9s m\u00e9ritent d\u2019avoir un toit et d\u2019\u00eatre en s\u00e9curit\u00e9.<\/p>\n<p>Seul le HCR poss\u00e8de les capacit\u00e9s et l&rsquo;expertise n\u00e9cessaires pour r\u00e9pondre \u00e0 cette crise et prendre en charge des millions de familles. Mais nous ne pouvons pas le faire seuls.<\/p>\n<p>Merci de faire un don pour offrir un toit \u00e0 ces personnes.<\/p>\n<p>[\/et_pb_text][\/et_pb_column][\/et_pb_row][\/et_pb_section][et_pb_section fb_built=\u00a0\u00bb1&Prime; admin_label=\u00a0\u00bbSection: Blue Infographic band\u00a0\u00bb _builder_version=\u00a0\u00bb3.26.3&Prime; background_color=\u00a0\u00bb#0072bc\u00a0\u00bb locked=\u00a0\u00bboff\u00a0\u00bb global_colors_info=\u00a0\u00bb{}\u00a0\u00bb][et_pb_row column_structure=\u00a0\u00bb1_3,1_3,1_3&Prime; _builder_version=\u00a0\u00bb3.26.3&Prime; custom_padding=\u00a0\u00bb0px||20px||false|false\u00a0\u00bb global_colors_info=\u00a0\u00bb{}\u00a0\u00bb][et_pb_column type=\u00a0\u00bb1_3&Prime; _builder_version=\u00a0\u00bb3.25.4&Prime; global_colors_info=\u00a0\u00bb{}\u00a0\u00bb][et_pb_number_counter title=\u00a0\u00bbheures minimum est le temps requis par le HCR pour fournir un abri d&rsquo;urgence aux familles victimes d\u2019une crise\u00a0\u00bb number=\u00a0\u00bb72&Prime; percent_sign=\u00a0\u00bboff\u00a0\u00bb _builder_version=\u00a0\u00bb4.4.6&Prime; title_text_color=\u00a0\u00bb#ffffff\u00a0\u00bb number_text_color=\u00a0\u00bb#ffffff\u00a0\u00bb background_layout=\u00a0\u00bbdark\u00a0\u00bb global_colors_info=\u00a0\u00bb{}\u00a0\u00bb][\/et_pb_number_counter][\/et_pb_column][et_pb_column type=\u00a0\u00bb1_3&Prime; _builder_version=\u00a0\u00bb3.25.4&Prime; global_colors_info=\u00a0\u00bb{}\u00a0\u00bb][et_pb_number_counter title=\u00a0\u00bbtypes d&rsquo;abris transitoires sont fournis par le HCR dans le monde entier, chacun \u00e9tant adapt\u00e9 au pays et \u00e0 l&rsquo;environnement dans lequel il est install\u00e9\u00a0\u00bb number=\u00a0\u00bb19&Prime; percent_sign=\u00a0\u00bboff\u00a0\u00bb _builder_version=\u00a0\u00bb4.4.6&Prime; title_text_color=\u00a0\u00bb#ffffff\u00a0\u00bb number_text_color=\u00a0\u00bb#ffffff\u00a0\u00bb background_layout=\u00a0\u00bbdark\u00a0\u00bb global_colors_info=\u00a0\u00bb{}\u00a0\u00bb][\/et_pb_number_counter][\/et_pb_column][et_pb_column type=\u00a0\u00bb1_3&Prime; _builder_version=\u00a0\u00bb3.25.4&Prime; global_colors_info=\u00a0\u00bb{}\u00a0\u00bb][et_pb_number_counter title=\u00a0\u00bbans est la dur\u00e9e moyenne pendant laquelle un r\u00e9fugi\u00e9 vivra en exil. Durant cette p\u00e9riode, les r\u00e9fugi\u00e9s m\u00e9ritent d\u2019avoir un toit et de vivre dans des conditions s\u00fbres et stables.\u00a0\u00bb number=\u00a0\u00bb17&Prime; percent_sign=\u00a0\u00bboff\u00a0\u00bb _builder_version=\u00a0\u00bb4.4.6&Prime; title_text_color=\u00a0\u00bb#ffffff\u00a0\u00bb number_text_color=\u00a0\u00bb#ffffff\u00a0\u00bb background_layout=\u00a0\u00bbdark\u00a0\u00bb global_colors_info=\u00a0\u00bb{}\u00a0\u00bb][\/et_pb_number_counter][\/et_pb_column][\/et_pb_row][\/et_pb_section][et_pb_section fb_built=\u00a0\u00bb1&Prime; _builder_version=\u00a0\u00bb4.4.6&Prime; global_colors_info=\u00a0\u00bb{}\u00a0\u00bb][et_pb_row column_structure=\u00a0\u00bb1_2,1_2&Prime; _builder_version=\u00a0\u00bb4.4.6&Prime; global_colors_info=\u00a0\u00bb{}\u00a0\u00bb][et_pb_column type=\u00a0\u00bb1_2&Prime; _builder_version=\u00a0\u00bb4.4.6&Prime; global_colors_info=\u00a0\u00bb{}\u00a0\u00bb][et_pb_image src=\u00a0\u00bbhttps:\/\/www.unhcr.ca\/wp-content\/uploads\/2016\/10\/RF243597__SSR4908-1.jpg\u00a0\u00bb title_text=\u00a0\u00bbLebanon. Syrian refugee family.\u00a0\u00bb align=\u00a0\u00bbcenter\u00a0\u00bb _builder_version=\u00a0\u00bb4.4.6&Prime; module_alignment=\u00a0\u00bbcenter\u00a0\u00bb global_colors_info=\u00a0\u00bb{}\u00a0\u00bb][\/et_pb_image][\/et_pb_column][et_pb_column type=\u00a0\u00bb1_2&Prime; _builder_version=\u00a0\u00bb4.4.6&Prime; global_colors_info=\u00a0\u00bb{}\u00a0\u00bb][et_pb_text _builder_version=\u00a0\u00bb4.4.6&Prime; global_colors_info=\u00a0\u00bb{}\u00a0\u00bb]<\/p>\n<p>Une famille irakienne d\u00e9plac\u00e9e devant son logement temporaire dans le camp d&rsquo;Al Jamea&rsquo;a. Apr\u00e8s avoir parcouru 10 kilom\u00e8tres pour fuir les exactions commises par Daech, cette famille a re\u00e7u une tente d&rsquo;urgence comme abri pr\u00e9liminaire.<\/p>\n<p>\u00ab Notre tente \u00e9tait trop petite, et il y avait de la poussi\u00e8re partout. Le fait d\u2019avoir pu recevoir une Unit\u00e9 d&rsquo;habitation est une b\u00e9n\u00e9diction dans ce d\u00e9sert. Nous sommes tr\u00e8s reconnaissants pour l\u2019abri que le HCR nous a fourni&#8230; Nous avons maintenant suffisamment d&rsquo;espace pour nous d\u00e9placer \u00e0 notre aise et avons commenc\u00e9 \u00e0 acheter quelques objets, comme une commode et une t\u00e9l\u00e9vision, pour nous sentir chez nous. Cet abri nous permet d\u2019avoir plus d\u2019intimit\u00e9. \u00bb<\/p>\n<p>[\/et_pb_text][\/et_pb_column][\/et_pb_row][\/et_pb_section][et_pb_section fb_built=\u00a0\u00bb1&Prime; _builder_version=\u00a0\u00bb4.4.6&Prime; background_color=\u00a0\u00bb#0072bc\u00a0\u00bb global_colors_info=\u00a0\u00bb{}\u00a0\u00bb][et_pb_row _builder_version=\u00a0\u00bb4.4.6&Prime; global_colors_info=\u00a0\u00bb{}\u00a0\u00bb][et_pb_column type=\u00a0\u00bb4_4&Prime; _builder_version=\u00a0\u00bb4.4.6&Prime; global_colors_info=\u00a0\u00bb{}\u00a0\u00bb][et_pb_text _builder_version=\u00a0\u00bb4.4.6&Prime; text_text_color=\u00a0\u00bb#ffffff\u00a0\u00bb header_3_text_color=\u00a0\u00bb#ffffff\u00a0\u00bb global_colors_info=\u00a0\u00bb{}\u00a0\u00bb]<\/p>\n<h3 style=\"text-align: center;\"><strong>Pourquoi un abri?<\/strong><\/h3>\n<p style=\"text-align: center;\">Se mettre \u00e0 l\u2019abri repr\u00e9sente un besoin vital pour tous les r\u00e9fugi\u00e9s contraints d\u2019abandonner leur foyer. Plus nous sommes en mesure de fournir un toit rapidement aux victimes, plus nous pouvons sauver de vies. B\u00e9n\u00e9ficier d\u2019un logement \u00e0 long terme permet aux familles d&rsquo;accomplir leurs t\u00e2ches m\u00e9nag\u00e8res quotidiennes, de travailler, d&rsquo;\u00e9tudier et de r\u00e9fl\u00e9chir \u00e0 leur avenir.<\/p>\n<p>[\/et_pb_text][\/et_pb_column][\/et_pb_row][et_pb_row column_structure=\u00a0\u00bb1_3,1_3,1_3&Prime; _builder_version=\u00a0\u00bb4.4.6&Prime; global_colors_info=\u00a0\u00bb{}\u00a0\u00bb][et_pb_column type=\u00a0\u00bb1_3&Prime; _builder_version=\u00a0\u00bb4.4.6&Prime; global_colors_info=\u00a0\u00bb{}\u00a0\u00bb][et_pb_text _builder_version=\u00a0\u00bb4.4.6&Prime; text_text_color=\u00a0\u00bb#ffffff\u00a0\u00bb header_4_text_color=\u00a0\u00bb#ffffff\u00a0\u00bb global_colors_info=\u00a0\u00bb{}\u00a0\u00bb]<\/p>\n<h4 style=\"text-align: center;\"><strong>Pour rester en bonne sant\u00e9<\/strong><\/h4>\n<p style=\"text-align: center;\">Un abri permet par exemple d\u2019installer une moustiquaire afin de se prot\u00e9ger du paludisme, ou de recouvrir le sol avec un tapis pour se prot\u00e9ger du froid.<\/p>\n<p>[\/et_pb_text][\/et_pb_column][et_pb_column type=\u00a0\u00bb1_3&Prime; _builder_version=\u00a0\u00bb4.4.6&Prime; global_colors_info=\u00a0\u00bb{}\u00a0\u00bb][et_pb_text _builder_version=\u00a0\u00bb4.4.6&Prime; text_text_color=\u00a0\u00bb#ffffff\u00a0\u00bb header_4_text_color=\u00a0\u00bb#ffffff\u00a0\u00bb global_colors_info=\u00a0\u00bb{}\u00a0\u00bb]<\/p>\n<h4 style=\"text-align: center;\"><strong>Pour prendre un nouveau d\u00e9part<\/strong><\/h4>\n<p style=\"text-align: center;\">Un abri permet aux r\u00e9fugi\u00e9s d\u2019avoir une adresse o\u00f9 recevoir leurs documents d&rsquo;identit\u00e9 ainsi que des services de soutien, d\u2019inscrire leurs enfants \u00e0 l&rsquo;\u00e9cole ou de faire du commerce.<\/p>\n<p>[\/et_pb_text][\/et_pb_column][et_pb_column type=\u00a0\u00bb1_3&Prime; _builder_version=\u00a0\u00bb4.4.6&Prime; global_colors_info=\u00a0\u00bb{}\u00a0\u00bb][et_pb_text _builder_version=\u00a0\u00bb4.4.6&Prime; text_text_color=\u00a0\u00bb#ffffff\u00a0\u00bb header_4_text_color=\u00a0\u00bb#ffffff\u00a0\u00bb global_colors_info=\u00a0\u00bb{}\u00a0\u00bb]<\/p>\n<h4 style=\"text-align: center;\"><strong>Pour \u00eatre en s\u00e9curit\u00e9<\/strong><\/h4>\n<p style=\"text-align: center;\">Un abri permet de se prot\u00e9ger des \u00e9l\u00e9ments. Il prot\u00e8ge aussi les femmes et les jeunes filles des risques de viol et de violences sexuelles et pr\u00e9vient l&rsquo;exploitation des enfants.<\/p>\n<p>[\/et_pb_text][\/et_pb_column][\/et_pb_row][et_pb_row column_structure=\u00a0\u00bb1_3,1_3,1_3&Prime; _builder_version=\u00a0\u00bb4.4.6&Prime; global_colors_info=\u00a0\u00bb{}\u00a0\u00bb][et_pb_column type=\u00a0\u00bb1_3&Prime; _builder_version=\u00a0\u00bb4.4.6&Prime; global_colors_info=\u00a0\u00bb{}\u00a0\u00bb][et_pb_text _builder_version=\u00a0\u00bb4.4.6&Prime; text_text_color=\u00a0\u00bb#ffffff\u00a0\u00bb header_4_text_color=\u00a0\u00bb#ffffff\u00a0\u00bb global_colors_info=\u00a0\u00bb{}\u00a0\u00bb]<\/p>\n<h4 style=\"text-align: center;\"><strong>Pour avoir une vie priv\u00e9e<\/strong><\/h4>\n<p style=\"text-align: center;\">Un abri permet aux familles de se r\u00e9unir sous le m\u00eame toit et de s\u2019apporter un r\u00e9confort mutuel.<\/p>\n<p>[\/et_pb_text][\/et_pb_column][et_pb_column type=\u00a0\u00bb1_3&Prime; _builder_version=\u00a0\u00bb4.4.6&Prime; global_colors_info=\u00a0\u00bb{}\u00a0\u00bb][et_pb_text _builder_version=\u00a0\u00bb4.4.6&Prime; text_text_color=\u00a0\u00bb#ffffff\u00a0\u00bb header_4_text_color=\u00a0\u00bb#ffffff\u00a0\u00bb global_colors_info=\u00a0\u00bb{}\u00a0\u00bb]<\/p>\n<h4 style=\"text-align: center;\"><strong>Pour \u00eatre en s\u00e9curit\u00e9<\/strong><\/h4>\n<p style=\"text-align: center;\">Un abri permet de se prot\u00e9ger des \u00e9l\u00e9ments. Il prot\u00e8ge aussi les femmes et les jeunes filles des risques de viol et de violences sexuelles et pr\u00e9vient l&rsquo;exploitation des enfants.<\/p>\n<p>[\/et_pb_text][\/et_pb_column][et_pb_column type=\u00a0\u00bb1_3&Prime; _builder_version=\u00a0\u00bb4.4.6&Prime; global_colors_info=\u00a0\u00bb{}\u00a0\u00bb][et_pb_text _builder_version=\u00a0\u00bb4.4.6&Prime; text_text_color=\u00a0\u00bb#ffffff\u00a0\u00bb header_4_text_color=\u00a0\u00bb#ffffff\u00a0\u00bb global_colors_info=\u00a0\u00bb{}\u00a0\u00bb]<\/p>\n<h4 style=\"text-align: center;\"><strong>Pour prot\u00e9ger ses biens<\/strong><\/h4>\n<p style=\"text-align: center;\">Un abri permet aux familles de conserver pr\u00e9cieusement les quelques objets qu&rsquo;elles ont pu emporter avec elles.<\/p>\n<p>[\/et_pb_text][\/et_pb_column][\/et_pb_row][\/et_pb_section][et_pb_section fb_built=\u00a0\u00bb1&Prime; custom_padding_last_edited=\u00a0\u00bboff|phone\u00a0\u00bb admin_label=\u00a0\u00bbSection: Did you know \u00a0\u00bb _builder_version=\u00a0\u00bb4.4.6&Prime; background_color=\u00a0\u00bb#ffffff\u00a0\u00bb custom_padding=\u00a0\u00bb60px||60px||true|false\u00a0\u00bb custom_padding_tablet=\u00a0\u00bb||\u00a0\u00bb custom_padding_phone=\u00a0\u00bb||\u00a0\u00bb global_colors_info=\u00a0\u00bb{}\u00a0\u00bb][et_pb_row column_structure=\u00a0\u00bb3_5,2_5&Prime; _builder_version=\u00a0\u00bb3.26.3&Prime; custom_padding=\u00a0\u00bb0px||0px||true\u00a0\u00bb global_colors_info=\u00a0\u00bb{}\u00a0\u00bb][et_pb_column type=\u00a0\u00bb3_5&Prime; _builder_version=\u00a0\u00bb3.25.4&Prime; global_colors_info=\u00a0\u00bb{}\u00a0\u00bb][et_pb_text module_class=\u00a0\u00bbvertcenter\u00a0\u00bb _builder_version=\u00a0\u00bb4.4.6&Prime; global_colors_info=\u00a0\u00bb{}\u00a0\u00bb]<\/p>\n<h3>Votre don aide \u00e0 financer des abris pour les familles r\u00e9fugi\u00e9es et \u00e0 faire en sorte que tout le monde ait un toit au-dessus de la t\u00eate.<\/h3>\n<p>[\/et_pb_text][\/et_pb_column][et_pb_column type=\u00a0\u00bb2_5&Prime; _builder_version=\u00a0\u00bb3.26.3&Prime; background_color=\u00a0\u00bbrgba(0,0,0,0)\u00a0\u00bb background_color_phone=\u00a0\u00bb#0072bc\u00a0\u00bb background_last_edited=\u00a0\u00bbon|phone\u00a0\u00bb background_enable_color_phone=\u00a0\u00bbon\u00a0\u00bb global_colors_info=\u00a0\u00bb{}\u00a0\u00bb][et_pb_button button_url=\u00a0\u00bbhttps:\/\/give.unhcr.ca\/page\/52275\/donate\/1?ea.tracking.id=OL23FR_UNR\u00a0\u00bb button_text=\u00a0\u00bbOffrez un toit \u00e0 quelqu&rsquo;un aujourd&rsquo;hui\u00a0\u00bb admin_label=\u00a0\u00bbCTA Button\u00a0\u00bb _builder_version=\u00a0\u00bb4.13.0&Prime; custom_button=\u00a0\u00bbon\u00a0\u00bb button_text_size=\u00a0\u00bb19px\u00a0\u00bb button_text_color=\u00a0\u00bb#000000&Prime; button_bg_color=\u00a0\u00bb#0072bc\u00a0\u00bb button_border_width=\u00a0\u00bb1px\u00a0\u00bb button_border_color=\u00a0\u00bb#0072bc\u00a0\u00bb button_border_radius=\u00a0\u00bb0px\u00a0\u00bb button_font=\u00a0\u00bb|700||on|||||\u00a0\u00bb custom_margin=\u00a0\u00bbauto||auto|\u00a0\u00bb hover_enabled=\u00a0\u00bb0&Prime; locked=\u00a0\u00bboff\u00a0\u00bb global_colors_info=\u00a0\u00bb{}\u00a0\u00bb button_text_size__hover=\u00a0\u00bbnull\u00a0\u00bb button_text_size__hover_enabled=\u00a0\u00bboff\u00a0\u00bb button_text_color__hover=\u00a0\u00bbnull\u00a0\u00bb button_text_color__hover_enabled=\u00a0\u00bboff\u00a0\u00bb button_bg_color__hover=\u00a0\u00bb#000000&Prime; button_border_width__hover=\u00a0\u00bbnull\u00a0\u00bb button_border_width__hover_enabled=\u00a0\u00bboff\u00a0\u00bb button_border_color__hover=\u00a0\u00bb#ffffff\u00a0\u00bb button_border_radius__hover=\u00a0\u00bbnull\u00a0\u00bb button_border_radius__hover_enabled=\u00a0\u00bboff\u00a0\u00bb button_letter_spacing__hover=\u00a0\u00bb0&Prime; button_letter_spacing__hover_enabled=\u00a0\u00bbon\u00a0\u00bb button_bg_enable_color__hover=\u00a0\u00bbon\u00a0\u00bb sticky_enabled=\u00a0\u00bb0&Prime;][\/et_pb_button][\/et_pb_column][\/et_pb_row][\/et_pb_section][et_pb_section fb_built=\u00a0\u00bb1&Prime; _builder_version=\u00a0\u00bb4.4.6&Prime; background_color=\u00a0\u00bb#efefef\u00a0\u00bb global_colors_info=\u00a0\u00bb{}\u00a0\u00bb][et_pb_row _builder_version=\u00a0\u00bb4.4.6&Prime; global_colors_info=\u00a0\u00bb{}\u00a0\u00bb][et_pb_column type=\u00a0\u00bb4_4&Prime; _builder_version=\u00a0\u00bb4.4.6&Prime; global_colors_info=\u00a0\u00bb{}\u00a0\u00bb][et_pb_text _builder_version=\u00a0\u00bb4.6.1&Prime; global_colors_info=\u00a0\u00bb{}\u00a0\u00bb]<\/p>\n<p style=\"text-align: center;\"><strong>Faites un don<\/strong><br \/><strong>Aidez les r\u00e9fugi\u00e9s dans le besoin.<\/strong><\/p>\n<p>[\/et_pb_text][et_pb_button button_url=\u00a0\u00bbhttps:\/\/give.unhcr.ca\/page\/52275\/donate\/1?ea.tracking.id=OL23FR_UNR\u00a0\u00bb button_text=\u00a0\u00bbFaites un don d\u00e8s maintenant\u00a0\u00bb button_alignment=\u00a0\u00bbcenter\u00a0\u00bb _builder_version=\u00a0\u00bb4.13.0&Prime; custom_button=\u00a0\u00bbon\u00a0\u00bb button_text_color=\u00a0\u00bb#ffffff\u00a0\u00bb button_bg_color=\u00a0\u00bb#0072bc\u00a0\u00bb hover_enabled=\u00a0\u00bb0&Prime; global_colors_info=\u00a0\u00bb{}\u00a0\u00bb sticky_enabled=\u00a0\u00bb0&Prime;][\/et_pb_button][\/et_pb_column][\/et_pb_row][\/et_pb_section]<\/p>\n","protected":false},"excerpt":{"rendered":"<p>Personne laiss\u00e9 pour compte : Vous pouvez nous aider \u00e0 prot\u00e9ger ceux qui ont d\u00fb fuir leur domicile. Nous traversons actuellement une crise.<\/p>\n","protected":false},"author":16,"featured_media":47685,"parent":48990,"menu_order":0,"comment_status":"closed","ping_status":"closed","template":"","meta":{"_acf_changed":false,"_et_pb_use_builder":"on","_et_pb_old_content":"","_et_gb_content_width":"","inline_featured_image":false,"footnotes":"","beyondwords_generate_audio":"0","beyondwords_integration_method":"","beyondwords_project_id":"","beyondwords_content_id":"","beyondwords_preview_token":"","beyondwords_player_content":"","beyondwords_player_style":"","beyondwords_language_code":"","beyondwords_language_id":"","beyondwords_title_voice_id":"","beyondwords_body_voice_id":"","beyondwords_summary_voice_id":"","beyondwords_error_message":"","beyondwords_disabled":"","beyondwords_delete_content":"","beyondwords_podcast_id":"","beyondwords_hash":"","publish_post_to_speechkit":"0","speechkit_hash":"","speechkit_generate_audio":"0","speechkit_project_id":"","speechkit_podcast_id":"","speechkit_error_message":"","speechkit_disabled":"","speechkit_access_key":"","speechkit_error":"","speechkit_info":"","speechkit_response":"","speechkit_retries":"","speechkit_status":"","speechkit_updated_at":"","_speechkit_link":"","_speechkit_text":""},"class_list":["post-32431","page","type-page","status-publish","has-post-thumbnail","hentry"],"acf":[],"yoast_head":"<!-- This site is optimized with the Yoast SEO Premium plugin v27.5 (Yoast SEO v27.5) - https:\/\/yoast.com\/product\/yoast-seo-premium-wordpress\/ -->\n<title>Personne laiss\u00e9 pour compte | HCR Canada<\/title>\n<meta name=\"description\" content=\"Personne laiss\u00e9 pour compte : Vous pouvez nous aider \u00e0 prot\u00e9ger ceux qui ont d\u00fb fuir leur domicile. Nous traversons actuellement une crise.\" \/>\n<meta name=\"robots\" content=\"index, follow, max-snippet:-1, max-image-preview:large, max-video-preview:-1\" \/>\n<link rel=\"canonical\" href=\"https:\/\/www.unhcr.ca\/fr\/notre-travail\/le-soutien-au-quotidien\/abris\/personne-laisse-pour-compte\/\" \/>\n<meta property=\"og:locale\" content=\"fr_FR\" \/>\n<meta property=\"og:type\" content=\"article\" \/>\n<meta property=\"og:title\" content=\"Personne laiss\u00e9 pour compte\" \/>\n<meta property=\"og:description\" content=\"Personne laiss\u00e9 pour compte : Vous pouvez nous aider \u00e0 prot\u00e9ger ceux qui ont d\u00fb fuir leur domicile. Nous traversons actuellement une crise.\" \/>\n<meta property=\"og:url\" content=\"https:\/\/www.unhcr.ca\/fr\/notre-travail\/le-soutien-au-quotidien\/abris\/personne-laisse-pour-compte\/\" \/>\n<meta property=\"og:site_name\" content=\"HCR Canada\" \/>\n<meta property=\"article:publisher\" content=\"https:\/\/www.facebook.com\/UNHCRCanada\" \/>\n<meta property=\"article:modified_time\" content=\"2023-01-01T16:23:45+00:00\" \/>\n<meta property=\"og:image\" content=\"https:\/\/www.unhcr.ca\/wp-content\/uploads\/2020\/06\/RF235992__SEB5175-1360x908.jpg\" \/>\n\t<meta property=\"og:image:width\" content=\"1360\" \/>\n\t<meta property=\"og:image:height\" content=\"908\" \/>\n\t<meta property=\"og:image:type\" content=\"image\/jpeg\" \/>\n<meta name=\"twitter:card\" content=\"summary_large_image\" \/>\n<meta name=\"twitter:site\" content=\"@UNHCRCanada\" \/>\n<meta name=\"twitter:label1\" content=\"Dur\u00e9e de lecture estim\u00e9e\" \/>\n\t<meta name=\"twitter:data1\" content=\"5 minutes\" \/>\n<script type=\"application\/ld+json\" class=\"yoast-schema-graph\">{\"@context\":\"https:\\\/\\\/schema.org\",\"@graph\":[{\"@type\":\"WebPage\",\"@id\":\"https:\\\/\\\/www.unhcr.ca\\\/fr\\\/notre-travail\\\/le-soutien-au-quotidien\\\/abris\\\/personne-laisse-pour-compte\\\/\",\"url\":\"https:\\\/\\\/www.unhcr.ca\\\/fr\\\/notre-travail\\\/le-soutien-au-quotidien\\\/abris\\\/personne-laisse-pour-compte\\\/\",\"name\":\"Personne laiss\u00e9 pour compte | HCR Canada\",\"isPartOf\":{\"@id\":\"https:\\\/\\\/www.unhcr.ca\\\/#website\"},\"primaryImageOfPage\":{\"@id\":\"https:\\\/\\\/www.unhcr.ca\\\/fr\\\/notre-travail\\\/le-soutien-au-quotidien\\\/abris\\\/personne-laisse-pour-compte\\\/#primaryimage\"},\"image\":{\"@id\":\"https:\\\/\\\/www.unhcr.ca\\\/fr\\\/notre-travail\\\/le-soutien-au-quotidien\\\/abris\\\/personne-laisse-pour-compte\\\/#primaryimage\"},\"thumbnailUrl\":\"https:\\\/\\\/www.unhcr.ca\\\/wp-content\\\/uploads\\\/2020\\\/06\\\/RF235992__SEB5175.jpg\",\"datePublished\":\"2016-10-21T13:51:17+00:00\",\"dateModified\":\"2023-01-01T16:23:45+00:00\",\"description\":\"Personne laiss\u00e9 pour compte : Vous pouvez nous aider \u00e0 prot\u00e9ger ceux qui ont d\u00fb fuir leur domicile. Nous traversons actuellement une crise.\",\"breadcrumb\":{\"@id\":\"https:\\\/\\\/www.unhcr.ca\\\/fr\\\/notre-travail\\\/le-soutien-au-quotidien\\\/abris\\\/personne-laisse-pour-compte\\\/#breadcrumb\"},\"inLanguage\":\"fr-FR\",\"potentialAction\":[{\"@type\":\"ReadAction\",\"target\":[\"https:\\\/\\\/www.unhcr.ca\\\/fr\\\/notre-travail\\\/le-soutien-au-quotidien\\\/abris\\\/personne-laisse-pour-compte\\\/\"]}]},{\"@type\":\"ImageObject\",\"inLanguage\":\"fr-FR\",\"@id\":\"https:\\\/\\\/www.unhcr.ca\\\/fr\\\/notre-travail\\\/le-soutien-au-quotidien\\\/abris\\\/personne-laisse-pour-compte\\\/#primaryimage\",\"url\":\"https:\\\/\\\/www.unhcr.ca\\\/wp-content\\\/uploads\\\/2020\\\/06\\\/RF235992__SEB5175.jpg\",\"contentUrl\":\"https:\\\/\\\/www.unhcr.ca\\\/wp-content\\\/uploads\\\/2020\\\/06\\\/RF235992__SEB5175.jpg\",\"width\":2560,\"height\":1709,\"caption\":\"Family: Hamid Abdelraza, 55, his wife Fatma Khdhair, 42, and their children Bilal, 7, Faride, 14, Mohammed 19, Marwa, 25 (married), Duaa, 22 (married), Rahama 19 (married). Pictured here from left to right: Fatma, Hamid, Bilal and Faride. Hamid: \u201cWe fled our hometown of Fallujah approximately 2 years ago because of military operations. Our neighbourhood was threatened by ISIS. We were displaced to Erbil where we lived in a hotel for two weeks, and then, because it was too expensive, we decided to go back to Anbar. We stayed with my sister in Ramadi. In April [2015], we fled Ramadi and came to Baghdad. We fled from Ameriyat al Fallujah on foot and walked for 10 km until we reached the Bzeibiz bridge. My wife, who is sick, was feeling unwell. I had to push her on a wheel barrel because she couldn\u2019t walk. The area around Bzeibiz bridge was so crowded and the road was blocked. We came only with the clothes on our back, nothing more. We entered Baghdad without sponsorship. When the police saw her at the bridge, they let us go through, because she looked as if she was about to die. From then on, we went straight to the camp and moved in on the same day. Our house was 200 square meters, it\u2019s a big house, with 6 rooms and all the facilities, built in a modern design. When we arrived in the camp, we were living in tents. It was so difficult. We were sweating constantly, day and night. I would try to use a fan to help Fatma, but she was feeling horrible. [UNHCR] provided us with air coolers and rechargeable fans but the weather this summer was just too harsh. The tent was just too small, with dust everywhere. We were so excited when we found out [about the RHU]. The RHU is a blessing from god for us in the desert. We are so grateful to UNHCR for providing us shelter. The low ceiling was the worst in the tent. During the summer it was very hot and you couldn\u2019t move inside either. In the RHU, there is space to move unrestricted and we started to buy things to make ourse\"},{\"@type\":\"BreadcrumbList\",\"@id\":\"https:\\\/\\\/www.unhcr.ca\\\/fr\\\/notre-travail\\\/le-soutien-au-quotidien\\\/abris\\\/personne-laisse-pour-compte\\\/#breadcrumb\",\"itemListElement\":[{\"@type\":\"ListItem\",\"position\":1,\"name\":\"Home\",\"item\":\"https:\\\/\\\/www.unhcr.ca\\\/fr\\\/homepage2020\\\/\"},{\"@type\":\"ListItem\",\"position\":2,\"name\":\"Notre travail\",\"item\":\"https:\\\/\\\/www.unhcr.ca\\\/fr\\\/notre-travail\\\/\"},{\"@type\":\"ListItem\",\"position\":3,\"name\":\"Le soutien au quotidien\",\"item\":\"https:\\\/\\\/www.unhcr.ca\\\/fr\\\/notre-travail\\\/le-soutien-au-quotidien\\\/\"},{\"@type\":\"ListItem\",\"position\":4,\"name\":\"Abris\",\"item\":\"https:\\\/\\\/www.unhcr.ca\\\/fr\\\/notre-travail\\\/le-soutien-au-quotidien\\\/abris\\\/\"},{\"@type\":\"ListItem\",\"position\":5,\"name\":\"Personne laiss\u00e9 pour compte\"}]},{\"@type\":\"WebSite\",\"@id\":\"https:\\\/\\\/www.unhcr.ca\\\/#website\",\"url\":\"https:\\\/\\\/www.unhcr.ca\\\/\",\"name\":\"HCR Canada\",\"description\":\"L\u2019Agence des Nations Unies pour les r\u00e9fugi\u00e9s\",\"potentialAction\":[{\"@type\":\"SearchAction\",\"target\":{\"@type\":\"EntryPoint\",\"urlTemplate\":\"https:\\\/\\\/www.unhcr.ca\\\/?s={search_term_string}\"},\"query-input\":{\"@type\":\"PropertyValueSpecification\",\"valueRequired\":true,\"valueName\":\"search_term_string\"}}],\"inLanguage\":\"fr-FR\"}]}<\/script>\n<!-- \/ Yoast SEO Premium plugin. -->","yoast_head_json":{"title":"Personne laiss\u00e9 pour compte | HCR Canada","description":"Personne laiss\u00e9 pour compte : Vous pouvez nous aider \u00e0 prot\u00e9ger ceux qui ont d\u00fb fuir leur domicile. Nous traversons actuellement une crise.","robots":{"index":"index","follow":"follow","max-snippet":"max-snippet:-1","max-image-preview":"max-image-preview:large","max-video-preview":"max-video-preview:-1"},"canonical":"https:\/\/www.unhcr.ca\/fr\/notre-travail\/le-soutien-au-quotidien\/abris\/personne-laisse-pour-compte\/","og_locale":"fr_FR","og_type":"article","og_title":"Personne laiss\u00e9 pour compte","og_description":"Personne laiss\u00e9 pour compte : Vous pouvez nous aider \u00e0 prot\u00e9ger ceux qui ont d\u00fb fuir leur domicile. Nous traversons actuellement une crise.","og_url":"https:\/\/www.unhcr.ca\/fr\/notre-travail\/le-soutien-au-quotidien\/abris\/personne-laisse-pour-compte\/","og_site_name":"HCR Canada","article_publisher":"https:\/\/www.facebook.com\/UNHCRCanada","article_modified_time":"2023-01-01T16:23:45+00:00","og_image":[{"width":1360,"height":908,"url":"https:\/\/www.unhcr.ca\/wp-content\/uploads\/2020\/06\/RF235992__SEB5175-1360x908.jpg","type":"image\/jpeg"}],"twitter_card":"summary_large_image","twitter_site":"@UNHCRCanada","twitter_misc":{"Dur\u00e9e de lecture estim\u00e9e":"5 minutes"},"schema":{"@context":"https:\/\/schema.org","@graph":[{"@type":"WebPage","@id":"https:\/\/www.unhcr.ca\/fr\/notre-travail\/le-soutien-au-quotidien\/abris\/personne-laisse-pour-compte\/","url":"https:\/\/www.unhcr.ca\/fr\/notre-travail\/le-soutien-au-quotidien\/abris\/personne-laisse-pour-compte\/","name":"Personne laiss\u00e9 pour compte | HCR Canada","isPartOf":{"@id":"https:\/\/www.unhcr.ca\/#website"},"primaryImageOfPage":{"@id":"https:\/\/www.unhcr.ca\/fr\/notre-travail\/le-soutien-au-quotidien\/abris\/personne-laisse-pour-compte\/#primaryimage"},"image":{"@id":"https:\/\/www.unhcr.ca\/fr\/notre-travail\/le-soutien-au-quotidien\/abris\/personne-laisse-pour-compte\/#primaryimage"},"thumbnailUrl":"https:\/\/www.unhcr.ca\/wp-content\/uploads\/2020\/06\/RF235992__SEB5175.jpg","datePublished":"2016-10-21T13:51:17+00:00","dateModified":"2023-01-01T16:23:45+00:00","description":"Personne laiss\u00e9 pour compte : Vous pouvez nous aider \u00e0 prot\u00e9ger ceux qui ont d\u00fb fuir leur domicile. Nous traversons actuellement une crise.","breadcrumb":{"@id":"https:\/\/www.unhcr.ca\/fr\/notre-travail\/le-soutien-au-quotidien\/abris\/personne-laisse-pour-compte\/#breadcrumb"},"inLanguage":"fr-FR","potentialAction":[{"@type":"ReadAction","target":["https:\/\/www.unhcr.ca\/fr\/notre-travail\/le-soutien-au-quotidien\/abris\/personne-laisse-pour-compte\/"]}]},{"@type":"ImageObject","inLanguage":"fr-FR","@id":"https:\/\/www.unhcr.ca\/fr\/notre-travail\/le-soutien-au-quotidien\/abris\/personne-laisse-pour-compte\/#primaryimage","url":"https:\/\/www.unhcr.ca\/wp-content\/uploads\/2020\/06\/RF235992__SEB5175.jpg","contentUrl":"https:\/\/www.unhcr.ca\/wp-content\/uploads\/2020\/06\/RF235992__SEB5175.jpg","width":2560,"height":1709,"caption":"Family: Hamid Abdelraza, 55, his wife Fatma Khdhair, 42, and their children Bilal, 7, Faride, 14, Mohammed 19, Marwa, 25 (married), Duaa, 22 (married), Rahama 19 (married). Pictured here from left to right: Fatma, Hamid, Bilal and Faride. Hamid: \u201cWe fled our hometown of Fallujah approximately 2 years ago because of military operations. Our neighbourhood was threatened by ISIS. We were displaced to Erbil where we lived in a hotel for two weeks, and then, because it was too expensive, we decided to go back to Anbar. We stayed with my sister in Ramadi. In April [2015], we fled Ramadi and came to Baghdad. We fled from Ameriyat al Fallujah on foot and walked for 10 km until we reached the Bzeibiz bridge. My wife, who is sick, was feeling unwell. I had to push her on a wheel barrel because she couldn\u2019t walk. The area around Bzeibiz bridge was so crowded and the road was blocked. We came only with the clothes on our back, nothing more. We entered Baghdad without sponsorship. When the police saw her at the bridge, they let us go through, because she looked as if she was about to die. From then on, we went straight to the camp and moved in on the same day. Our house was 200 square meters, it\u2019s a big house, with 6 rooms and all the facilities, built in a modern design. When we arrived in the camp, we were living in tents. It was so difficult. We were sweating constantly, day and night. I would try to use a fan to help Fatma, but she was feeling horrible. [UNHCR] provided us with air coolers and rechargeable fans but the weather this summer was just too harsh. The tent was just too small, with dust everywhere. We were so excited when we found out [about the RHU]. The RHU is a blessing from god for us in the desert. We are so grateful to UNHCR for providing us shelter. The low ceiling was the worst in the tent. During the summer it was very hot and you couldn\u2019t move inside either. In the RHU, there is space to move unrestricted and we started to buy things to make ourse"},{"@type":"BreadcrumbList","@id":"https:\/\/www.unhcr.ca\/fr\/notre-travail\/le-soutien-au-quotidien\/abris\/personne-laisse-pour-compte\/#breadcrumb","itemListElement":[{"@type":"ListItem","position":1,"name":"Home","item":"https:\/\/www.unhcr.ca\/fr\/homepage2020\/"},{"@type":"ListItem","position":2,"name":"Notre travail","item":"https:\/\/www.unhcr.ca\/fr\/notre-travail\/"},{"@type":"ListItem","position":3,"name":"Le soutien au quotidien","item":"https:\/\/www.unhcr.ca\/fr\/notre-travail\/le-soutien-au-quotidien\/"},{"@type":"ListItem","position":4,"name":"Abris","item":"https:\/\/www.unhcr.ca\/fr\/notre-travail\/le-soutien-au-quotidien\/abris\/"},{"@type":"ListItem","position":5,"name":"Personne laiss\u00e9 pour compte"}]},{"@type":"WebSite","@id":"https:\/\/www.unhcr.ca\/#website","url":"https:\/\/www.unhcr.ca\/","name":"HCR Canada","description":"L\u2019Agence des Nations Unies pour les r\u00e9fugi\u00e9s","potentialAction":[{"@type":"SearchAction","target":{"@type":"EntryPoint","urlTemplate":"https:\/\/www.unhcr.ca\/?s={search_term_string}"},"query-input":{"@type":"PropertyValueSpecification","valueRequired":true,"valueName":"search_term_string"}}],"inLanguage":"fr-FR"}]}},"_links":{"self":[{"href":"https:\/\/www.unhcr.ca\/fr\/wp-json\/wp\/v2\/pages\/32431","targetHints":{"allow":["GET"]}}],"collection":[{"href":"https:\/\/www.unhcr.ca\/fr\/wp-json\/wp\/v2\/pages"}],"about":[{"href":"https:\/\/www.unhcr.ca\/fr\/wp-json\/wp\/v2\/types\/page"}],"author":[{"embeddable":true,"href":"https:\/\/www.unhcr.ca\/fr\/wp-json\/wp\/v2\/users\/16"}],"replies":[{"embeddable":true,"href":"https:\/\/www.unhcr.ca\/fr\/wp-json\/wp\/v2\/comments?post=32431"}],"version-history":[{"count":0,"href":"https:\/\/www.unhcr.ca\/fr\/wp-json\/wp\/v2\/pages\/32431\/revisions"}],"up":[{"embeddable":true,"href":"https:\/\/www.unhcr.ca\/fr\/wp-json\/wp\/v2\/pages\/48990"}],"wp:featuredmedia":[{"embeddable":true,"href":"https:\/\/www.unhcr.ca\/fr\/wp-json\/wp\/v2\/media\/47685"}],"wp:attachment":[{"href":"https:\/\/www.unhcr.ca\/fr\/wp-json\/wp\/v2\/media?parent=32431"}],"curies":[{"name":"wp","href":"https:\/\/api.w.org\/{rel}","templated":true}]}}